{"id":350,"date":"2023-11-23T11:12:41","date_gmt":"2023-11-23T11:12:41","guid":{"rendered":"https:\/\/zahnaerzte-frick.ch\/?page_id=350"},"modified":"2023-11-30T19:46:41","modified_gmt":"2023-11-30T19:46:41","slug":"team","status":"publish","type":"page","link":"https:\/\/zahnaerzte-frick.ch\/?page_id=350","title":{"rendered":"Team"},"content":{"rendered":"\t\t<div data-elementor-type=\"wp-page\" data-elementor-id=\"350\" class=\"elementor elementor-350\" data-elementor-post-type=\"page\">\n\t\t\t\t\t\t\t<div class=\"elementor-element elementor-element-38e2b16 e-grid e-con-full e-con e-parent\" data-id=\"38e2b16\" data-element_type=\"container\" data-settings=\"{&quot;container_type&quot;:&quot;grid&quot;,&quot;grid_columns_grid&quot;:{&quot;unit&quot;:&quot;fr&quot;,&quot;size&quot;:2,&quot;sizes&quot;:[]},&quot;grid_rows_grid&quot;:{&quot;unit&quot;:&quot;fr&quot;,&quot;size&quot;:&quot;1&quot;,&quot;sizes&quot;:[]},&quot;grid_rows_grid_mobile&quot;:{&quot;unit&quot;:&quot;fr&quot;,&quot;size&quot;:&quot;1&quot;,&quot;sizes&quot;:[]},&quot;content_width&quot;:&quot;full&quot;,&quot;grid_auto_flow&quot;:&quot;column&quot;,&quot;background_background&quot;:&quot;gradient&quot;,&quot;grid_columns_grid_tablet&quot;:{&quot;unit&quot;:&quot;fr&quot;,&quot;size&quot;:1,&quot;sizes&quot;:[]},&quot;grid_rows_grid_tablet&quot;:{&quot;unit&quot;:&quot;fr&quot;,&quot;size&quot;:1,&quot;sizes&quot;:[]},&quot;grid_outline&quot;:&quot;yes&quot;,&quot;grid_columns_grid_mobile&quot;:{&quot;unit&quot;:&quot;fr&quot;,&quot;size&quot;:1,&quot;sizes&quot;:[]},&quot;grid_auto_flow_tablet&quot;:&quot;row&quot;,&quot;grid_auto_flow_mobile&quot;:&quot;row&quot;}\" data-core-v316-plus=\"true\">\n\t\t<div class=\"elementor-element elementor-element-c6de21d e-con-full e-flex e-con e-child\" data-id=\"c6de21d\" data-element_type=\"container\" data-settings=\"{&quot;content_width&quot;:&quot;full&quot;,&quot;container_type&quot;:&quot;flex&quot;}\">\n\t\t\t\t<div class=\"elementor-element elementor-element-a7832ab elementor-widget elementor-widget-text-editor\" data-id=\"a7832ab\" data-element_type=\"widget\" data-widget_type=\"text-editor.default\">\n\t\t\t\t<div class=\"elementor-widget-container\">\n\t\t\t<style>\/*! elementor - v3.17.0 - 08-11-2023 *\/\n.elementor-widget-text-editor.elementor-drop-cap-view-stacked .elementor-drop-cap{background-color:#69727d;color:#fff}.elementor-widget-text-editor.elementor-drop-cap-view-framed .elementor-drop-cap{color:#69727d;border:3px solid;background-color:transparent}.elementor-widget-text-editor:not(.elementor-drop-cap-view-default) .elementor-drop-cap{margin-top:8px}.elementor-widget-text-editor:not(.elementor-drop-cap-view-default) .elementor-drop-cap-letter{width:1em;height:1em}.elementor-widget-text-editor .elementor-drop-cap{float:left;text-align:center;line-height:1;font-size:50px}.elementor-widget-text-editor .elementor-drop-cap-letter{display:inline-block}<\/style>\t\t\t\t\t\t\t\t\t\t<\/div>\n\t\t\t\t<\/div>\n\t\t\t\t<div class=\"elementor-element elementor-element-7fd6283 elementor-widget elementor-widget-heading\" data-id=\"7fd6283\" data-element_type=\"widget\" data-widget_type=\"heading.default\">\n\t\t\t\t<div class=\"elementor-widget-container\">\n\t\t\t<style>\/*! elementor - v3.17.0 - 08-11-2023 *\/\n.elementor-heading-title{padding:0;margin:0;line-height:1}.elementor-widget-heading .elementor-heading-title[class*=elementor-size-]>a{color:inherit;font-size:inherit;line-height:inherit}.elementor-widget-heading .elementor-heading-title.elementor-size-small{font-size:15px}.elementor-widget-heading .elementor-heading-title.elementor-size-medium{font-size:19px}.elementor-widget-heading .elementor-heading-title.elementor-size-large{font-size:29px}.elementor-widget-heading .elementor-heading-title.elementor-size-xl{font-size:39px}.elementor-widget-heading .elementor-heading-title.elementor-size-xxl{font-size:59px}<\/style><h2 class=\"elementor-heading-title elementor-size-default\">Unser Team<\/h2>\t\t<\/div>\n\t\t\t\t<\/div>\n\t\t<div class=\"elementor-element elementor-element-1a05138 e-con-full e-flex e-con e-child\" data-id=\"1a05138\" data-element_type=\"container\" data-settings=\"{&quot;content_width&quot;:&quot;full&quot;,&quot;container_type&quot;:&quot;flex&quot;}\">\n\t\t\t\t<div class=\"elementor-element elementor-element-513c906 elementor-widget elementor-widget-text-editor\" data-id=\"513c906\" data-element_type=\"widget\" data-widget_type=\"text-editor.default\">\n\t\t\t\t<div class=\"elementor-widget-container\">\n\t\t\t\t\t\t\t<p>Das Team f\u00fcr Ihr strahlendes und bezauberndes L\u00e4cheln<\/p>\t\t\t\t\t\t<\/div>\n\t\t\t\t<\/div>\n\t\t\t\t<\/div>\n\t\t\t\t<\/div>\n\t\t\t\t<\/div>\n\t\t<div class=\"elementor-element elementor-element-1f8da72 e-con-full e-flex e-con e-parent\" data-id=\"1f8da72\" data-element_type=\"container\" data-settings=\"{&quot;content_width&quot;:&quot;full&quot;,&quot;container_type&quot;:&quot;flex&quot;}\" data-core-v316-plus=\"true\">\n\t\t<div class=\"elementor-element elementor-element-9b168f7 e-grid e-con-full e-con e-child\" data-id=\"9b168f7\" data-element_type=\"container\" data-settings=\"{&quot;container_type&quot;:&quot;grid&quot;,&quot;content_width&quot;:&quot;full&quot;,&quot;grid_columns_grid&quot;:{&quot;unit&quot;:&quot;fr&quot;,&quot;size&quot;:4,&quot;sizes&quot;:[]},&quot;grid_rows_grid&quot;:{&quot;unit&quot;:&quot;fr&quot;,&quot;size&quot;:3,&quot;sizes&quot;:[]},&quot;grid_columns_grid_tablet&quot;:{&quot;unit&quot;:&quot;fr&quot;,&quot;size&quot;:2,&quot;sizes&quot;:[]},&quot;grid_outline&quot;:&quot;yes&quot;,&quot;grid_columns_grid_mobile&quot;:{&quot;unit&quot;:&quot;fr&quot;,&quot;size&quot;:1,&quot;sizes&quot;:[]},&quot;grid_rows_grid_tablet&quot;:{&quot;unit&quot;:&quot;fr&quot;,&quot;size&quot;:&quot;&quot;,&quot;sizes&quot;:[]},&quot;grid_rows_grid_mobile&quot;:{&quot;unit&quot;:&quot;fr&quot;,&quot;size&quot;:&quot;&quot;,&quot;sizes&quot;:[]},&quot;grid_auto_flow&quot;:&quot;row&quot;,&quot;grid_auto_flow_tablet&quot;:&quot;row&quot;,&quot;grid_auto_flow_mobile&quot;:&quot;row&quot;}\">\n\t\t<div class=\"elementor-element elementor-element-aee97c1 e-con-full e-flex e-con e-child\" data-id=\"aee97c1\" data-element_type=\"container\" data-settings=\"{&quot;content_width&quot;:&quot;full&quot;,&quot;container_type&quot;:&quot;flex&quot;}\">\n\t\t\t\t<div class=\"elementor-element elementor-element-52e432c elementor-widget elementor-widget-image\" data-id=\"52e432c\" data-element_type=\"widget\" data-widget_type=\"image.default\">\n\t\t\t\t<div class=\"elementor-widget-container\">\n\t\t\t<style>\/*! elementor - v3.17.0 - 08-11-2023 *\/\n.elementor-widget-image{text-align:center}.elementor-widget-image a{display:inline-block}.elementor-widget-image a img[src$=\".svg\"]{width:48px}.elementor-widget-image img{vertical-align:middle;display:inline-block}<\/style>\t\t\t\t\t\t\t\t\t\t\t\t<img fetchpriority=\"high\" decoding=\"async\" width=\"960\" height=\"640\" src=\"https:\/\/zahnaerzte-frick.ch\/wp-content\/uploads\/2023\/11\/Kurt_Jaeger.jpg\" class=\"attachment-full size-full wp-image-1073\" alt=\"\" srcset=\"https:\/\/zahnaerzte-frick.ch\/wp-content\/uploads\/2023\/11\/Kurt_Jaeger.jpg 960w, https:\/\/zahnaerzte-frick.ch\/wp-content\/uploads\/2023\/11\/Kurt_Jaeger-300x200.jpg 300w, https:\/\/zahnaerzte-frick.ch\/wp-content\/uploads\/2023\/11\/Kurt_Jaeger-768x512.jpg 768w\" sizes=\"(max-width: 960px) 100vw, 960px\" \/>\t\t\t\t\t\t\t\t\t\t\t\t\t\t\t<\/div>\n\t\t\t\t<\/div>\n\t\t\t\t<div class=\"elementor-element elementor-element-24d05db elementor-widget elementor-widget-text-editor\" data-id=\"24d05db\" data-element_type=\"widget\" data-widget_type=\"text-editor.default\">\n\t\t\t\t<div class=\"elementor-widget-container\">\n\t\t\t\t\t\t\t<p>Prof. Dr. med. dent.<\/p>\t\t\t\t\t\t<\/div>\n\t\t\t\t<\/div>\n\t\t\t\t<div class=\"elementor-element elementor-element-092ef2f team-name elementor-widget elementor-widget-text-editor\" data-id=\"092ef2f\" data-element_type=\"widget\" data-widget_type=\"text-editor.default\">\n\t\t\t\t<div class=\"elementor-widget-container\">\n\t\t\t\t\t\t\t<h5>Kurt J\u00e4ger<\/h5>\t\t\t\t\t\t<\/div>\n\t\t\t\t<\/div>\n\t\t\t\t<div class=\"elementor-element elementor-element-7d65c0a team-education elementor-widget elementor-widget-text-editor\" data-id=\"7d65c0a\" data-element_type=\"widget\" data-widget_type=\"text-editor.default\">\n\t\t\t\t<div class=\"elementor-widget-container\">\n\t\t\t\t\t\t\t<p>MBA<\/p>\t\t\t\t\t\t<\/div>\n\t\t\t\t<\/div>\n\t\t\t\t<\/div>\n\t\t<div class=\"elementor-element elementor-element-37ecb68 e-con-full e-flex e-con e-child\" data-id=\"37ecb68\" data-element_type=\"container\" data-settings=\"{&quot;content_width&quot;:&quot;full&quot;,&quot;container_type&quot;:&quot;flex&quot;}\">\n\t\t\t\t<div class=\"elementor-element elementor-element-bee14ec elementor-widget elementor-widget-image\" data-id=\"bee14ec\" data-element_type=\"widget\" data-widget_type=\"image.default\">\n\t\t\t\t<div class=\"elementor-widget-container\">\n\t\t\t\t\t\t\t\t\t\t\t\t\t\t\t<img decoding=\"async\" width=\"800\" height=\"533\" src=\"https:\/\/zahnaerzte-frick.ch\/wp-content\/uploads\/2023\/11\/Christoph_Voegtlin-p-800.jpeg\" class=\"attachment-full size-full wp-image-1077\" alt=\"\" srcset=\"https:\/\/zahnaerzte-frick.ch\/wp-content\/uploads\/2023\/11\/Christoph_Voegtlin-p-800.jpeg 800w, https:\/\/zahnaerzte-frick.ch\/wp-content\/uploads\/2023\/11\/Christoph_Voegtlin-p-800-300x200.jpeg 300w, https:\/\/zahnaerzte-frick.ch\/wp-content\/uploads\/2023\/11\/Christoph_Voegtlin-p-800-768x512.jpeg 768w\" sizes=\"(max-width: 800px) 100vw, 800px\" \/>\t\t\t\t\t\t\t\t\t\t\t\t\t\t\t<\/div>\n\t\t\t\t<\/div>\n\t\t\t\t<div class=\"elementor-element elementor-element-71a7950 elementor-widget elementor-widget-text-editor\" data-id=\"71a7950\" data-element_type=\"widget\" data-widget_type=\"text-editor.default\">\n\t\t\t\t<div class=\"elementor-widget-container\">\n\t\t\t\t\t\t\t<p>Dr. med. dent. MSc<\/p>\t\t\t\t\t\t<\/div>\n\t\t\t\t<\/div>\n\t\t\t\t<div class=\"elementor-element elementor-element-cdb3fa0 team-name elementor-widget elementor-widget-text-editor\" data-id=\"cdb3fa0\" data-element_type=\"widget\" data-widget_type=\"text-editor.default\">\n\t\t\t\t<div class=\"elementor-widget-container\">\n\t\t\t\t\t\t\t<h5>Christoph V\u00f6gtlin<\/h5>\t\t\t\t\t\t<\/div>\n\t\t\t\t<\/div>\n\t\t\t\t<div class=\"elementor-element elementor-element-afa98e2 team-education elementor-widget elementor-widget-text-editor\" data-id=\"afa98e2\" data-element_type=\"widget\" data-widget_type=\"text-editor.default\">\n\t\t\t\t<div class=\"elementor-widget-container\">\n\t\t\t\t\t\t\t<p>Praxisleitung<\/p>\t\t\t\t\t\t<\/div>\n\t\t\t\t<\/div>\n\t\t\t\t<\/div>\n\t\t<div class=\"elementor-element elementor-element-3b470cb e-con-full e-flex e-con e-child\" data-id=\"3b470cb\" data-element_type=\"container\" data-settings=\"{&quot;content_width&quot;:&quot;full&quot;,&quot;container_type&quot;:&quot;flex&quot;}\">\n\t\t\t\t<div class=\"elementor-element elementor-element-f43da4c elementor-widget elementor-widget-image\" data-id=\"f43da4c\" data-element_type=\"widget\" data-widget_type=\"image.default\">\n\t\t\t\t<div class=\"elementor-widget-container\">\n\t\t\t\t\t\t\t\t\t\t\t\t\t\t\t<img decoding=\"async\" width=\"800\" height=\"533\" src=\"https:\/\/zahnaerzte-frick.ch\/wp-content\/uploads\/2023\/11\/Chiara_Voegtlin-p-800.jpeg\" class=\"attachment-full size-full wp-image-1076\" alt=\"\" srcset=\"https:\/\/zahnaerzte-frick.ch\/wp-content\/uploads\/2023\/11\/Chiara_Voegtlin-p-800.jpeg 800w, https:\/\/zahnaerzte-frick.ch\/wp-content\/uploads\/2023\/11\/Chiara_Voegtlin-p-800-300x200.jpeg 300w, https:\/\/zahnaerzte-frick.ch\/wp-content\/uploads\/2023\/11\/Chiara_Voegtlin-p-800-768x512.jpeg 768w\" sizes=\"(max-width: 800px) 100vw, 800px\" \/>\t\t\t\t\t\t\t\t\t\t\t\t\t\t\t<\/div>\n\t\t\t\t<\/div>\n\t\t\t\t<div class=\"elementor-element elementor-element-d9d9222 elementor-widget elementor-widget-text-editor\" data-id=\"d9d9222\" data-element_type=\"widget\" data-widget_type=\"text-editor.default\">\n\t\t\t\t<div class=\"elementor-widget-container\">\n\t\t\t\t\t\t\t<p>Dr. med. dent.<\/p>\t\t\t\t\t\t<\/div>\n\t\t\t\t<\/div>\n\t\t\t\t<div class=\"elementor-element elementor-element-f9447fa team-name elementor-widget elementor-widget-text-editor\" data-id=\"f9447fa\" data-element_type=\"widget\" data-widget_type=\"text-editor.default\">\n\t\t\t\t<div class=\"elementor-widget-container\">\n\t\t\t\t\t\t\t<h5>Chiara V\u00f6gtlin<\/h5>\t\t\t\t\t\t<\/div>\n\t\t\t\t<\/div>\n\t\t\t\t<div class=\"elementor-element elementor-element-919b7d6 team-education elementor-widget elementor-widget-text-editor\" data-id=\"919b7d6\" data-element_type=\"widget\" data-widget_type=\"text-editor.default\">\n\t\t\t\t<div class=\"elementor-widget-container\">\n\t\t\t\t\t\t\t<p>Eidg. dipl. Zahn\u00e4rztin SSO, Kinderzahn\u00e4rztin<\/p>\t\t\t\t\t\t<\/div>\n\t\t\t\t<\/div>\n\t\t\t\t<\/div>\n\t\t<div class=\"elementor-element elementor-element-bf999b1 e-con-full e-flex e-con e-child\" data-id=\"bf999b1\" data-element_type=\"container\" data-settings=\"{&quot;content_width&quot;:&quot;full&quot;,&quot;container_type&quot;:&quot;flex&quot;}\">\n\t\t\t\t<div class=\"elementor-element elementor-element-4100da0 elementor-widget elementor-widget-image\" data-id=\"4100da0\" data-element_type=\"widget\" data-widget_type=\"image.default\">\n\t\t\t\t<div class=\"elementor-widget-container\">\n\t\t\t\t\t\t\t\t\t\t\t\t\t\t\t<img loading=\"lazy\" decoding=\"async\" width=\"960\" height=\"640\" src=\"https:\/\/zahnaerzte-frick.ch\/wp-content\/uploads\/2023\/11\/5fb27de2c64b536daceeeaae_Jaquiery.jpg\" class=\"attachment-full size-full wp-image-1072\" alt=\"\" srcset=\"https:\/\/zahnaerzte-frick.ch\/wp-content\/uploads\/2023\/11\/5fb27de2c64b536daceeeaae_Jaquiery.jpg 960w, https:\/\/zahnaerzte-frick.ch\/wp-content\/uploads\/2023\/11\/5fb27de2c64b536daceeeaae_Jaquiery-300x200.jpg 300w, https:\/\/zahnaerzte-frick.ch\/wp-content\/uploads\/2023\/11\/5fb27de2c64b536daceeeaae_Jaquiery-768x512.jpg 768w\" sizes=\"(max-width: 960px) 100vw, 960px\" \/>\t\t\t\t\t\t\t\t\t\t\t\t\t\t\t<\/div>\n\t\t\t\t<\/div>\n\t\t\t\t<div class=\"elementor-element elementor-element-36a2579 elementor-widget elementor-widget-text-editor\" data-id=\"36a2579\" data-element_type=\"widget\" data-widget_type=\"text-editor.default\">\n\t\t\t\t<div class=\"elementor-widget-container\">\n\t\t\t\t\t\t\t<p>Prof. Dr. med. Dr. med. dent.<\/p>\t\t\t\t\t\t<\/div>\n\t\t\t\t<\/div>\n\t\t\t\t<div class=\"elementor-element elementor-element-85e12de team-name elementor-widget elementor-widget-text-editor\" data-id=\"85e12de\" data-element_type=\"widget\" data-widget_type=\"text-editor.default\">\n\t\t\t\t<div class=\"elementor-widget-container\">\n\t\t\t\t\t\t\t<h5>Claude Jaqui\u00e9ry<\/h5>\t\t\t\t\t\t<\/div>\n\t\t\t\t<\/div>\n\t\t\t\t<div class=\"elementor-element elementor-element-282fc93 team-education elementor-widget elementor-widget-text-editor\" data-id=\"282fc93\" data-element_type=\"widget\" data-widget_type=\"text-editor.default\">\n\t\t\t\t<div class=\"elementor-widget-container\">\n\t\t\t\t\t\t\t<p>Stv. Chefarzt Mund-, Kiefer- und Gesichtschirurgie<\/p>\t\t\t\t\t\t<\/div>\n\t\t\t\t<\/div>\n\t\t\t\t<\/div>\n\t\t<div class=\"elementor-element elementor-element-0eb37ca e-con-full e-flex e-con e-child\" data-id=\"0eb37ca\" data-element_type=\"container\" data-settings=\"{&quot;content_width&quot;:&quot;full&quot;,&quot;container_type&quot;:&quot;flex&quot;}\">\n\t\t\t\t<div class=\"elementor-element elementor-element-d7f5cf5 elementor-widget elementor-widget-image\" data-id=\"d7f5cf5\" data-element_type=\"widget\" data-widget_type=\"image.default\">\n\t\t\t\t<div class=\"elementor-widget-container\">\n\t\t\t\t\t\t\t\t\t\t\t\t\t\t\t<img loading=\"lazy\" decoding=\"async\" width=\"960\" height=\"640\" src=\"https:\/\/zahnaerzte-frick.ch\/wp-content\/uploads\/2023\/11\/Julia_Nikolaychuk.jpg\" class=\"attachment-full size-full wp-image-1071\" alt=\"\" srcset=\"https:\/\/zahnaerzte-frick.ch\/wp-content\/uploads\/2023\/11\/Julia_Nikolaychuk.jpg 960w, https:\/\/zahnaerzte-frick.ch\/wp-content\/uploads\/2023\/11\/Julia_Nikolaychuk-300x200.jpg 300w, https:\/\/zahnaerzte-frick.ch\/wp-content\/uploads\/2023\/11\/Julia_Nikolaychuk-768x512.jpg 768w\" sizes=\"(max-width: 960px) 100vw, 960px\" \/>\t\t\t\t\t\t\t\t\t\t\t\t\t\t\t<\/div>\n\t\t\t\t<\/div>\n\t\t\t\t<div class=\"elementor-element elementor-element-218529f elementor-widget elementor-widget-text-editor\" data-id=\"218529f\" data-element_type=\"widget\" data-widget_type=\"text-editor.default\">\n\t\t\t\t<div class=\"elementor-widget-container\">\n\t\t\t\t\t\t\t<p>Dr. med. dent.<\/p>\t\t\t\t\t\t<\/div>\n\t\t\t\t<\/div>\n\t\t\t\t<div class=\"elementor-element elementor-element-0716d3e team-name elementor-widget elementor-widget-text-editor\" data-id=\"0716d3e\" data-element_type=\"widget\" data-widget_type=\"text-editor.default\">\n\t\t\t\t<div class=\"elementor-widget-container\">\n\t\t\t\t\t\t\t<h5>Julia Nikolaychuk<\/h5>\t\t\t\t\t\t<\/div>\n\t\t\t\t<\/div>\n\t\t\t\t<div class=\"elementor-element elementor-element-a99b1d1 team-education elementor-widget elementor-widget-text-editor\" data-id=\"a99b1d1\" data-element_type=\"widget\" data-widget_type=\"text-editor.default\">\n\t\t\t\t<div class=\"elementor-widget-container\">\n\t\t\t\t\t\t\t<p>Eidg. dipl. Zahn\u00e4rztin SSO<\/p>\t\t\t\t\t\t<\/div>\n\t\t\t\t<\/div>\n\t\t\t\t<\/div>\n\t\t<div class=\"elementor-element elementor-element-3d6b386 e-con-full e-flex e-con e-child\" data-id=\"3d6b386\" data-element_type=\"container\" data-settings=\"{&quot;content_width&quot;:&quot;full&quot;,&quot;container_type&quot;:&quot;flex&quot;}\">\n\t\t\t\t<div class=\"elementor-element elementor-element-2cc2ef6 elementor-widget elementor-widget-image\" data-id=\"2cc2ef6\" data-element_type=\"widget\" data-widget_type=\"image.default\">\n\t\t\t\t<div class=\"elementor-widget-container\">\n\t\t\t\t\t\t\t\t\t\t\t\t\t\t\t<img loading=\"lazy\" decoding=\"async\" width=\"960\" height=\"640\" src=\"https:\/\/zahnaerzte-frick.ch\/wp-content\/uploads\/2023\/11\/Marianne_Lerch.jpg\" class=\"attachment-full size-full wp-image-1070\" alt=\"\" srcset=\"https:\/\/zahnaerzte-frick.ch\/wp-content\/uploads\/2023\/11\/Marianne_Lerch.jpg 960w, https:\/\/zahnaerzte-frick.ch\/wp-content\/uploads\/2023\/11\/Marianne_Lerch-300x200.jpg 300w, https:\/\/zahnaerzte-frick.ch\/wp-content\/uploads\/2023\/11\/Marianne_Lerch-768x512.jpg 768w\" sizes=\"(max-width: 960px) 100vw, 960px\" \/>\t\t\t\t\t\t\t\t\t\t\t\t\t\t\t<\/div>\n\t\t\t\t<\/div>\n\t\t\t\t<div class=\"elementor-element elementor-element-b5300f4 elementor-hidden-desktop elementor-hidden-tablet elementor-hidden-mobile elementor-widget elementor-widget-text-editor\" data-id=\"b5300f4\" data-element_type=\"widget\" data-widget_type=\"text-editor.default\">\n\t\t\t\t<div class=\"elementor-widget-container\">\n\t\t\t\t\t\t\t<p>Dr. med. dent.<\/p>\t\t\t\t\t\t<\/div>\n\t\t\t\t<\/div>\n\t\t\t\t<div class=\"elementor-element elementor-element-458abfb team-name elementor-widget elementor-widget-text-editor\" data-id=\"458abfb\" data-element_type=\"widget\" data-widget_type=\"text-editor.default\">\n\t\t\t\t<div class=\"elementor-widget-container\">\n\t\t\t\t\t\t\t<h5>Marianne Lerch<\/h5>\t\t\t\t\t\t<\/div>\n\t\t\t\t<\/div>\n\t\t\t\t<div class=\"elementor-element elementor-element-049a33e team-education elementor-widget elementor-widget-text-editor\" data-id=\"049a33e\" data-element_type=\"widget\" data-widget_type=\"text-editor.default\">\n\t\t\t\t<div class=\"elementor-widget-container\">\n\t\t\t\t\t\t\t<p>Dentalhygienikerin<\/p>\t\t\t\t\t\t<\/div>\n\t\t\t\t<\/div>\n\t\t\t\t<\/div>\n\t\t<div class=\"elementor-element elementor-element-61fe208 e-con-full e-flex e-con e-child\" data-id=\"61fe208\" data-element_type=\"container\" data-settings=\"{&quot;content_width&quot;:&quot;full&quot;,&quot;container_type&quot;:&quot;flex&quot;}\">\n\t\t\t\t<div class=\"elementor-element elementor-element-d0177d2 elementor-widget elementor-widget-image\" data-id=\"d0177d2\" data-element_type=\"widget\" data-widget_type=\"image.default\">\n\t\t\t\t<div class=\"elementor-widget-container\">\n\t\t\t\t\t\t\t\t\t\t\t\t\t\t\t<img loading=\"lazy\" decoding=\"async\" width=\"960\" height=\"640\" src=\"https:\/\/zahnaerzte-frick.ch\/wp-content\/uploads\/2023\/11\/Silvia_Buehler.jpg\" class=\"attachment-full size-full wp-image-1069\" alt=\"\" srcset=\"https:\/\/zahnaerzte-frick.ch\/wp-content\/uploads\/2023\/11\/Silvia_Buehler.jpg 960w, https:\/\/zahnaerzte-frick.ch\/wp-content\/uploads\/2023\/11\/Silvia_Buehler-300x200.jpg 300w, https:\/\/zahnaerzte-frick.ch\/wp-content\/uploads\/2023\/11\/Silvia_Buehler-768x512.jpg 768w\" sizes=\"(max-width: 960px) 100vw, 960px\" \/>\t\t\t\t\t\t\t\t\t\t\t\t\t\t\t<\/div>\n\t\t\t\t<\/div>\n\t\t\t\t<div class=\"elementor-element elementor-element-d60a8cc elementor-hidden-desktop elementor-hidden-tablet elementor-hidden-mobile elementor-widget elementor-widget-text-editor\" data-id=\"d60a8cc\" data-element_type=\"widget\" data-widget_type=\"text-editor.default\">\n\t\t\t\t<div class=\"elementor-widget-container\">\n\t\t\t\t\t\t\t<p>Dr. med. dent.<\/p>\t\t\t\t\t\t<\/div>\n\t\t\t\t<\/div>\n\t\t\t\t<div class=\"elementor-element elementor-element-599d16b team-name elementor-widget elementor-widget-text-editor\" data-id=\"599d16b\" data-element_type=\"widget\" data-widget_type=\"text-editor.default\">\n\t\t\t\t<div class=\"elementor-widget-container\">\n\t\t\t\t\t\t\t<h5>Silvia B\u00fchler<\/h5>\t\t\t\t\t\t<\/div>\n\t\t\t\t<\/div>\n\t\t\t\t<div class=\"elementor-element elementor-element-7a6ff9e team-education elementor-widget elementor-widget-text-editor\" data-id=\"7a6ff9e\" data-element_type=\"widget\" data-widget_type=\"text-editor.default\">\n\t\t\t\t<div class=\"elementor-widget-container\">\n\t\t\t\t\t\t\t<p>Dentalhygienikerin<\/p>\t\t\t\t\t\t<\/div>\n\t\t\t\t<\/div>\n\t\t\t\t<\/div>\n\t\t<div class=\"elementor-element elementor-element-83a2a6d e-con-full e-flex e-con e-child\" data-id=\"83a2a6d\" data-element_type=\"container\" data-settings=\"{&quot;content_width&quot;:&quot;full&quot;,&quot;container_type&quot;:&quot;flex&quot;}\">\n\t\t\t\t<div class=\"elementor-element elementor-element-d6d9f98 elementor-widget elementor-widget-image\" data-id=\"d6d9f98\" data-element_type=\"widget\" data-widget_type=\"image.default\">\n\t\t\t\t<div class=\"elementor-widget-container\">\n\t\t\t\t\t\t\t\t\t\t\t\t\t\t\t<img loading=\"lazy\" decoding=\"async\" width=\"500\" height=\"333\" src=\"https:\/\/zahnaerzte-frick.ch\/wp-content\/uploads\/2023\/11\/Andrea_Stammbach-p-500.jpeg\" class=\"attachment-full size-full wp-image-1079\" alt=\"\" srcset=\"https:\/\/zahnaerzte-frick.ch\/wp-content\/uploads\/2023\/11\/Andrea_Stammbach-p-500.jpeg 500w, https:\/\/zahnaerzte-frick.ch\/wp-content\/uploads\/2023\/11\/Andrea_Stammbach-p-500-300x200.jpeg 300w\" sizes=\"(max-width: 500px) 100vw, 500px\" \/>\t\t\t\t\t\t\t\t\t\t\t\t\t\t\t<\/div>\n\t\t\t\t<\/div>\n\t\t\t\t<div class=\"elementor-element elementor-element-4f81c23 elementor-hidden-desktop elementor-hidden-tablet elementor-hidden-mobile elementor-widget elementor-widget-text-editor\" data-id=\"4f81c23\" data-element_type=\"widget\" data-widget_type=\"text-editor.default\">\n\t\t\t\t<div class=\"elementor-widget-container\">\n\t\t\t\t\t\t\t<p>Dr. med. dent.<\/p>\t\t\t\t\t\t<\/div>\n\t\t\t\t<\/div>\n\t\t\t\t<div class=\"elementor-element elementor-element-34bc035 team-name elementor-widget elementor-widget-text-editor\" data-id=\"34bc035\" data-element_type=\"widget\" data-widget_type=\"text-editor.default\">\n\t\t\t\t<div class=\"elementor-widget-container\">\n\t\t\t\t\t\t\t<h5>Andrea Stammbach<\/h5>\t\t\t\t\t\t<\/div>\n\t\t\t\t<\/div>\n\t\t\t\t<div class=\"elementor-element elementor-element-557d005 team-education elementor-widget elementor-widget-text-editor\" data-id=\"557d005\" data-element_type=\"widget\" data-widget_type=\"text-editor.default\">\n\t\t\t\t<div class=\"elementor-widget-container\">\n\t\t\t\t\t\t\t<p>Prophylaxeassistentin<\/p>\t\t\t\t\t\t<\/div>\n\t\t\t\t<\/div>\n\t\t\t\t<\/div>\n\t\t<div class=\"elementor-element elementor-element-f8fe203 e-con-full e-flex e-con e-child\" data-id=\"f8fe203\" data-element_type=\"container\" data-settings=\"{&quot;content_width&quot;:&quot;full&quot;,&quot;container_type&quot;:&quot;flex&quot;}\">\n\t\t\t\t<div class=\"elementor-element elementor-element-3d28aae elementor-widget elementor-widget-image\" data-id=\"3d28aae\" data-element_type=\"widget\" data-widget_type=\"image.default\">\n\t\t\t\t<div class=\"elementor-widget-container\">\n\t\t\t\t\t\t\t\t\t\t\t\t\t\t\t<img loading=\"lazy\" decoding=\"async\" width=\"960\" height=\"640\" src=\"https:\/\/zahnaerzte-frick.ch\/wp-content\/uploads\/2023\/11\/Sabine_Schaub.jpg\" class=\"attachment-full size-full wp-image-1068\" alt=\"\" srcset=\"https:\/\/zahnaerzte-frick.ch\/wp-content\/uploads\/2023\/11\/Sabine_Schaub.jpg 960w, https:\/\/zahnaerzte-frick.ch\/wp-content\/uploads\/2023\/11\/Sabine_Schaub-300x200.jpg 300w, https:\/\/zahnaerzte-frick.ch\/wp-content\/uploads\/2023\/11\/Sabine_Schaub-768x512.jpg 768w\" sizes=\"(max-width: 960px) 100vw, 960px\" \/>\t\t\t\t\t\t\t\t\t\t\t\t\t\t\t<\/div>\n\t\t\t\t<\/div>\n\t\t\t\t<div class=\"elementor-element elementor-element-d7190c2 elementor-hidden-desktop elementor-hidden-tablet elementor-hidden-mobile elementor-widget elementor-widget-text-editor\" data-id=\"d7190c2\" data-element_type=\"widget\" data-widget_type=\"text-editor.default\">\n\t\t\t\t<div class=\"elementor-widget-container\">\n\t\t\t\t\t\t\t<p>Dr. med. dent.<\/p>\t\t\t\t\t\t<\/div>\n\t\t\t\t<\/div>\n\t\t\t\t<div class=\"elementor-element elementor-element-2bcda78 team-name elementor-widget elementor-widget-text-editor\" data-id=\"2bcda78\" data-element_type=\"widget\" data-widget_type=\"text-editor.default\">\n\t\t\t\t<div class=\"elementor-widget-container\">\n\t\t\t\t\t\t\t<h5>Sabine Schaub<\/h5>\t\t\t\t\t\t<\/div>\n\t\t\t\t<\/div>\n\t\t\t\t<div class=\"elementor-element elementor-element-866440f team-education elementor-widget elementor-widget-text-editor\" data-id=\"866440f\" data-element_type=\"widget\" data-widget_type=\"text-editor.default\">\n\t\t\t\t<div class=\"elementor-widget-container\">\n\t\t\t\t\t\t\t<p>Prophylaxeassistentin<\/p>\t\t\t\t\t\t<\/div>\n\t\t\t\t<\/div>\n\t\t\t\t<\/div>\n\t\t<div class=\"elementor-element elementor-element-c494e3e e-con-full e-flex e-con e-child\" data-id=\"c494e3e\" data-element_type=\"container\" data-settings=\"{&quot;content_width&quot;:&quot;full&quot;,&quot;container_type&quot;:&quot;flex&quot;}\">\n\t\t\t\t<div class=\"elementor-element elementor-element-0249f2e elementor-widget elementor-widget-image\" data-id=\"0249f2e\" data-element_type=\"widget\" data-widget_type=\"image.default\">\n\t\t\t\t<div class=\"elementor-widget-container\">\n\t\t\t\t\t\t\t\t\t\t\t\t\t\t\t<img loading=\"lazy\" decoding=\"async\" width=\"960\" height=\"640\" src=\"https:\/\/zahnaerzte-frick.ch\/wp-content\/uploads\/2023\/11\/Claudia_Bruegger.jpg\" class=\"attachment-full size-full wp-image-1067\" alt=\"\" srcset=\"https:\/\/zahnaerzte-frick.ch\/wp-content\/uploads\/2023\/11\/Claudia_Bruegger.jpg 960w, https:\/\/zahnaerzte-frick.ch\/wp-content\/uploads\/2023\/11\/Claudia_Bruegger-300x200.jpg 300w, https:\/\/zahnaerzte-frick.ch\/wp-content\/uploads\/2023\/11\/Claudia_Bruegger-768x512.jpg 768w\" sizes=\"(max-width: 960px) 100vw, 960px\" \/>\t\t\t\t\t\t\t\t\t\t\t\t\t\t\t<\/div>\n\t\t\t\t<\/div>\n\t\t\t\t<div class=\"elementor-element elementor-element-ac9246d elementor-hidden-desktop elementor-hidden-tablet elementor-hidden-mobile elementor-widget elementor-widget-text-editor\" data-id=\"ac9246d\" data-element_type=\"widget\" data-widget_type=\"text-editor.default\">\n\t\t\t\t<div class=\"elementor-widget-container\">\n\t\t\t\t\t\t\t<p>Dr. med. dent.<\/p>\t\t\t\t\t\t<\/div>\n\t\t\t\t<\/div>\n\t\t\t\t<div class=\"elementor-element elementor-element-7f1f93a team-name elementor-widget elementor-widget-text-editor\" data-id=\"7f1f93a\" data-element_type=\"widget\" data-widget_type=\"text-editor.default\">\n\t\t\t\t<div class=\"elementor-widget-container\">\n\t\t\t\t\t\t\t<h5>Claudia Br\u00fcgger<\/h5>\t\t\t\t\t\t<\/div>\n\t\t\t\t<\/div>\n\t\t\t\t<div class=\"elementor-element elementor-element-4f60213 team-education elementor-widget elementor-widget-text-editor\" data-id=\"4f60213\" data-element_type=\"widget\" data-widget_type=\"text-editor.default\">\n\t\t\t\t<div class=\"elementor-widget-container\">\n\t\t\t\t\t\t\t<p>Dentalassistentin<\/p>\t\t\t\t\t\t<\/div>\n\t\t\t\t<\/div>\n\t\t\t\t<\/div>\n\t\t<div class=\"elementor-element elementor-element-8fd9e9a e-con-full e-flex e-con e-child\" data-id=\"8fd9e9a\" data-element_type=\"container\" data-settings=\"{&quot;content_width&quot;:&quot;full&quot;,&quot;container_type&quot;:&quot;flex&quot;}\">\n\t\t\t\t<div class=\"elementor-element elementor-element-403185b elementor-widget elementor-widget-image\" data-id=\"403185b\" data-element_type=\"widget\" data-widget_type=\"image.default\">\n\t\t\t\t<div class=\"elementor-widget-container\">\n\t\t\t\t\t\t\t\t\t\t\t\t\t\t\t<img loading=\"lazy\" decoding=\"async\" width=\"2560\" height=\"1708\" src=\"https:\/\/zahnaerzte-frick.ch\/wp-content\/uploads\/2023\/11\/Avdija_Miridona-scaled.jpg\" class=\"attachment-full size-full wp-image-1066\" alt=\"\" srcset=\"https:\/\/zahnaerzte-frick.ch\/wp-content\/uploads\/2023\/11\/Avdija_Miridona-scaled.jpg 2560w, https:\/\/zahnaerzte-frick.ch\/wp-content\/uploads\/2023\/11\/Avdija_Miridona-300x200.jpg 300w, https:\/\/zahnaerzte-frick.ch\/wp-content\/uploads\/2023\/11\/Avdija_Miridona-1024x683.jpg 1024w, https:\/\/zahnaerzte-frick.ch\/wp-content\/uploads\/2023\/11\/Avdija_Miridona-768x512.jpg 768w, https:\/\/zahnaerzte-frick.ch\/wp-content\/uploads\/2023\/11\/Avdija_Miridona-1536x1025.jpg 1536w, https:\/\/zahnaerzte-frick.ch\/wp-content\/uploads\/2023\/11\/Avdija_Miridona-2048x1366.jpg 2048w\" sizes=\"(max-width: 2560px) 100vw, 2560px\" \/>\t\t\t\t\t\t\t\t\t\t\t\t\t\t\t<\/div>\n\t\t\t\t<\/div>\n\t\t\t\t<div class=\"elementor-element elementor-element-4322811 elementor-hidden-desktop elementor-hidden-tablet elementor-hidden-mobile elementor-widget elementor-widget-text-editor\" data-id=\"4322811\" data-element_type=\"widget\" data-widget_type=\"text-editor.default\">\n\t\t\t\t<div class=\"elementor-widget-container\">\n\t\t\t\t\t\t\t<p>Dr. med. dent.<\/p>\t\t\t\t\t\t<\/div>\n\t\t\t\t<\/div>\n\t\t\t\t<div class=\"elementor-element elementor-element-d5c31da team-name elementor-widget elementor-widget-text-editor\" data-id=\"d5c31da\" data-element_type=\"widget\" data-widget_type=\"text-editor.default\">\n\t\t\t\t<div class=\"elementor-widget-container\">\n\t\t\t\t\t\t\t<h5>Miridona Avdija<\/h5>\t\t\t\t\t\t<\/div>\n\t\t\t\t<\/div>\n\t\t\t\t<div class=\"elementor-element elementor-element-b8531a5 team-education elementor-widget elementor-widget-text-editor\" data-id=\"b8531a5\" data-element_type=\"widget\" data-widget_type=\"text-editor.default\">\n\t\t\t\t<div class=\"elementor-widget-container\">\n\t\t\t\t\t\t\t<p>Dentalassistentin<\/p>\t\t\t\t\t\t<\/div>\n\t\t\t\t<\/div>\n\t\t\t\t<\/div>\n\t\t<div class=\"elementor-element elementor-element-6312661 e-con-full e-flex e-con e-child\" data-id=\"6312661\" data-element_type=\"container\" data-settings=\"{&quot;content_width&quot;:&quot;full&quot;,&quot;container_type&quot;:&quot;flex&quot;}\">\n\t\t\t\t<div class=\"elementor-element elementor-element-bb83449 elementor-widget elementor-widget-image\" data-id=\"bb83449\" data-element_type=\"widget\" data-widget_type=\"image.default\">\n\t\t\t\t<div class=\"elementor-widget-container\">\n\t\t\t\t\t\t\t\t\t\t\t\t\t\t\t<img loading=\"lazy\" decoding=\"async\" width=\"2560\" height=\"1708\" src=\"https:\/\/zahnaerzte-frick.ch\/wp-content\/uploads\/2023\/11\/Ilkhan_Derya-scaled.jpg\" class=\"attachment-full size-full wp-image-1065\" alt=\"\" srcset=\"https:\/\/zahnaerzte-frick.ch\/wp-content\/uploads\/2023\/11\/Ilkhan_Derya-scaled.jpg 2560w, https:\/\/zahnaerzte-frick.ch\/wp-content\/uploads\/2023\/11\/Ilkhan_Derya-300x200.jpg 300w, https:\/\/zahnaerzte-frick.ch\/wp-content\/uploads\/2023\/11\/Ilkhan_Derya-1024x683.jpg 1024w, https:\/\/zahnaerzte-frick.ch\/wp-content\/uploads\/2023\/11\/Ilkhan_Derya-768x512.jpg 768w, https:\/\/zahnaerzte-frick.ch\/wp-content\/uploads\/2023\/11\/Ilkhan_Derya-1536x1025.jpg 1536w, https:\/\/zahnaerzte-frick.ch\/wp-content\/uploads\/2023\/11\/Ilkhan_Derya-2048x1366.jpg 2048w\" sizes=\"(max-width: 2560px) 100vw, 2560px\" \/>\t\t\t\t\t\t\t\t\t\t\t\t\t\t\t<\/div>\n\t\t\t\t<\/div>\n\t\t\t\t<div class=\"elementor-element elementor-element-8f13e8a elementor-hidden-desktop elementor-hidden-tablet elementor-hidden-mobile elementor-widget elementor-widget-text-editor\" data-id=\"8f13e8a\" data-element_type=\"widget\" data-widget_type=\"text-editor.default\">\n\t\t\t\t<div class=\"elementor-widget-container\">\n\t\t\t\t\t\t\t<p>Dr. med. dent.<\/p>\t\t\t\t\t\t<\/div>\n\t\t\t\t<\/div>\n\t\t\t\t<div class=\"elementor-element elementor-element-3f601e1 team-name elementor-widget elementor-widget-text-editor\" data-id=\"3f601e1\" data-element_type=\"widget\" data-widget_type=\"text-editor.default\">\n\t\t\t\t<div class=\"elementor-widget-container\">\n\t\t\t\t\t\t\t<h5>Derya Ilkhan<\/h5>\t\t\t\t\t\t<\/div>\n\t\t\t\t<\/div>\n\t\t\t\t<div class=\"elementor-element elementor-element-cdc240f team-education elementor-widget elementor-widget-text-editor\" data-id=\"cdc240f\" data-element_type=\"widget\" data-widget_type=\"text-editor.default\">\n\t\t\t\t<div class=\"elementor-widget-container\">\n\t\t\t\t\t\t\t<p>Dentalassistentin<\/p>\t\t\t\t\t\t<\/div>\n\t\t\t\t<\/div>\n\t\t\t\t<\/div>\n\t\t<div class=\"elementor-element elementor-element-f9f7d12 e-con-full e-flex e-con e-child\" data-id=\"f9f7d12\" data-element_type=\"container\" data-settings=\"{&quot;content_width&quot;:&quot;full&quot;,&quot;container_type&quot;:&quot;flex&quot;}\">\n\t\t\t\t<div class=\"elementor-element elementor-element-5ef2f93 elementor-widget elementor-widget-image\" data-id=\"5ef2f93\" data-element_type=\"widget\" data-widget_type=\"image.default\">\n\t\t\t\t<div class=\"elementor-widget-container\">\n\t\t\t\t\t\t\t\t\t\t\t\t\t\t\t<img loading=\"lazy\" decoding=\"async\" width=\"2560\" height=\"1708\" src=\"https:\/\/zahnaerzte-frick.ch\/wp-content\/uploads\/2023\/11\/Ornella_Hanzalikova-scaled.jpg\" class=\"attachment-full size-full wp-image-1078\" alt=\"\" srcset=\"https:\/\/zahnaerzte-frick.ch\/wp-content\/uploads\/2023\/11\/Ornella_Hanzalikova-scaled.jpg 2560w, https:\/\/zahnaerzte-frick.ch\/wp-content\/uploads\/2023\/11\/Ornella_Hanzalikova-300x200.jpg 300w, https:\/\/zahnaerzte-frick.ch\/wp-content\/uploads\/2023\/11\/Ornella_Hanzalikova-1024x683.jpg 1024w, https:\/\/zahnaerzte-frick.ch\/wp-content\/uploads\/2023\/11\/Ornella_Hanzalikova-768x512.jpg 768w, https:\/\/zahnaerzte-frick.ch\/wp-content\/uploads\/2023\/11\/Ornella_Hanzalikova-1536x1025.jpg 1536w, https:\/\/zahnaerzte-frick.ch\/wp-content\/uploads\/2023\/11\/Ornella_Hanzalikova-2048x1366.jpg 2048w\" sizes=\"(max-width: 2560px) 100vw, 2560px\" \/>\t\t\t\t\t\t\t\t\t\t\t\t\t\t\t<\/div>\n\t\t\t\t<\/div>\n\t\t\t\t<div class=\"elementor-element elementor-element-f2b6a4a elementor-hidden-desktop elementor-hidden-tablet elementor-hidden-mobile elementor-widget elementor-widget-text-editor\" data-id=\"f2b6a4a\" data-element_type=\"widget\" data-widget_type=\"text-editor.default\">\n\t\t\t\t<div class=\"elementor-widget-container\">\n\t\t\t\t\t\t\t<p>Dr. med. dent.<\/p>\t\t\t\t\t\t<\/div>\n\t\t\t\t<\/div>\n\t\t\t\t<div class=\"elementor-element elementor-element-d8b54ee team-name elementor-widget elementor-widget-text-editor\" data-id=\"d8b54ee\" data-element_type=\"widget\" data-widget_type=\"text-editor.default\">\n\t\t\t\t<div class=\"elementor-widget-container\">\n\t\t\t\t\t\t\t<h5>Ornella Hanzalikova<\/h5>\t\t\t\t\t\t<\/div>\n\t\t\t\t<\/div>\n\t\t\t\t<div class=\"elementor-element elementor-element-f1bc51b team-education elementor-widget elementor-widget-text-editor\" data-id=\"f1bc51b\" data-element_type=\"widget\" data-widget_type=\"text-editor.default\">\n\t\t\t\t<div class=\"elementor-widget-container\">\n\t\t\t\t\t\t\t<p>Dentalassistentin<\/p>\t\t\t\t\t\t<\/div>\n\t\t\t\t<\/div>\n\t\t\t\t<\/div>\n\t\t<div class=\"elementor-element elementor-element-5148a2f e-con-full e-flex e-con e-child\" data-id=\"5148a2f\" data-element_type=\"container\" data-settings=\"{&quot;content_width&quot;:&quot;full&quot;,&quot;container_type&quot;:&quot;flex&quot;}\">\n\t\t\t\t<div class=\"elementor-element elementor-element-f9bd6ae elementor-widget elementor-widget-image\" data-id=\"f9bd6ae\" data-element_type=\"widget\" data-widget_type=\"image.default\">\n\t\t\t\t<div class=\"elementor-widget-container\">\n\t\t\t\t\t\t\t\t\t\t\t\t\t\t\t<img loading=\"lazy\" decoding=\"async\" width=\"500\" height=\"333\" src=\"https:\/\/zahnaerzte-frick.ch\/wp-content\/uploads\/2023\/11\/Karin_Sutter-p-500.jpeg\" class=\"attachment-full size-full wp-image-1075\" alt=\"\" srcset=\"https:\/\/zahnaerzte-frick.ch\/wp-content\/uploads\/2023\/11\/Karin_Sutter-p-500.jpeg 500w, https:\/\/zahnaerzte-frick.ch\/wp-content\/uploads\/2023\/11\/Karin_Sutter-p-500-300x200.jpeg 300w\" sizes=\"(max-width: 500px) 100vw, 500px\" \/>\t\t\t\t\t\t\t\t\t\t\t\t\t\t\t<\/div>\n\t\t\t\t<\/div>\n\t\t\t\t<div class=\"elementor-element elementor-element-3ff8cf2 elementor-hidden-desktop elementor-hidden-tablet elementor-hidden-mobile elementor-widget elementor-widget-text-editor\" data-id=\"3ff8cf2\" data-element_type=\"widget\" data-widget_type=\"text-editor.default\">\n\t\t\t\t<div class=\"elementor-widget-container\">\n\t\t\t\t\t\t\t<p>Dr. med. dent.<\/p>\t\t\t\t\t\t<\/div>\n\t\t\t\t<\/div>\n\t\t\t\t<div class=\"elementor-element elementor-element-0409eb8 team-name elementor-widget elementor-widget-text-editor\" data-id=\"0409eb8\" data-element_type=\"widget\" data-widget_type=\"text-editor.default\">\n\t\t\t\t<div class=\"elementor-widget-container\">\n\t\t\t\t\t\t\t<h5>Karin Sutter<\/h5>\t\t\t\t\t\t<\/div>\n\t\t\t\t<\/div>\n\t\t\t\t<div class=\"elementor-element elementor-element-47a8aef team-education elementor-widget elementor-widget-text-editor\" data-id=\"47a8aef\" data-element_type=\"widget\" data-widget_type=\"text-editor.default\">\n\t\t\t\t<div class=\"elementor-widget-container\">\n\t\t\t\t\t\t\t<p>Empfang \/ Reception<\/p>\t\t\t\t\t\t<\/div>\n\t\t\t\t<\/div>\n\t\t\t\t<\/div>\n\t\t<div class=\"elementor-element elementor-element-bec7ff8 e-con-full e-flex e-con e-child\" data-id=\"bec7ff8\" data-element_type=\"container\" data-settings=\"{&quot;content_width&quot;:&quot;full&quot;,&quot;container_type&quot;:&quot;flex&quot;}\">\n\t\t\t\t<div class=\"elementor-element elementor-element-60952fc elementor-widget elementor-widget-image\" data-id=\"60952fc\" data-element_type=\"widget\" data-widget_type=\"image.default\">\n\t\t\t\t<div class=\"elementor-widget-container\">\n\t\t\t\t\t\t\t\t\t\t\t\t\t\t\t<img loading=\"lazy\" decoding=\"async\" width=\"500\" height=\"333\" src=\"https:\/\/zahnaerzte-frick.ch\/wp-content\/uploads\/2023\/11\/Nikolina_Dushaj-p-500.jpeg\" class=\"attachment-full size-full wp-image-1080\" alt=\"\" srcset=\"https:\/\/zahnaerzte-frick.ch\/wp-content\/uploads\/2023\/11\/Nikolina_Dushaj-p-500.jpeg 500w, https:\/\/zahnaerzte-frick.ch\/wp-content\/uploads\/2023\/11\/Nikolina_Dushaj-p-500-300x200.jpeg 300w\" sizes=\"(max-width: 500px) 100vw, 500px\" \/>\t\t\t\t\t\t\t\t\t\t\t\t\t\t\t<\/div>\n\t\t\t\t<\/div>\n\t\t\t\t<div class=\"elementor-element elementor-element-ae4238e elementor-hidden-desktop elementor-hidden-tablet elementor-hidden-mobile elementor-widget elementor-widget-text-editor\" data-id=\"ae4238e\" data-element_type=\"widget\" data-widget_type=\"text-editor.default\">\n\t\t\t\t<div class=\"elementor-widget-container\">\n\t\t\t\t\t\t\t<p>Dr. med. dent.<\/p>\t\t\t\t\t\t<\/div>\n\t\t\t\t<\/div>\n\t\t\t\t<div class=\"elementor-element elementor-element-d62a1c3 team-name elementor-widget elementor-widget-text-editor\" data-id=\"d62a1c3\" data-element_type=\"widget\" data-widget_type=\"text-editor.default\">\n\t\t\t\t<div class=\"elementor-widget-container\">\n\t\t\t\t\t\t\t<h5>Nikolina Dushaj<\/h5>\t\t\t\t\t\t<\/div>\n\t\t\t\t<\/div>\n\t\t\t\t<div class=\"elementor-element elementor-element-3ba6048 team-education elementor-widget elementor-widget-text-editor\" data-id=\"3ba6048\" data-element_type=\"widget\" data-widget_type=\"text-editor.default\">\n\t\t\t\t<div class=\"elementor-widget-container\">\n\t\t\t\t\t\t\t<p>Empfang \/ Reception<\/p>\t\t\t\t\t\t<\/div>\n\t\t\t\t<\/div>\n\t\t\t\t<\/div>\n\t\t<div class=\"elementor-element elementor-element-d97e855 e-con-full e-flex e-con e-child\" data-id=\"d97e855\" data-element_type=\"container\" data-settings=\"{&quot;content_width&quot;:&quot;full&quot;,&quot;container_type&quot;:&quot;flex&quot;}\">\n\t\t\t\t<div class=\"elementor-element elementor-element-e734bee elementor-widget elementor-widget-image\" data-id=\"e734bee\" data-element_type=\"widget\" data-widget_type=\"image.default\">\n\t\t\t\t<div class=\"elementor-widget-container\">\n\t\t\t\t\t\t\t\t\t\t\t\t\t\t\t<img loading=\"lazy\" decoding=\"async\" width=\"960\" height=\"640\" src=\"https:\/\/zahnaerzte-frick.ch\/wp-content\/uploads\/2023\/11\/Sandra_Graber.jpg\" class=\"attachment-full size-full wp-image-1064\" alt=\"\" srcset=\"https:\/\/zahnaerzte-frick.ch\/wp-content\/uploads\/2023\/11\/Sandra_Graber.jpg 960w, https:\/\/zahnaerzte-frick.ch\/wp-content\/uploads\/2023\/11\/Sandra_Graber-300x200.jpg 300w, https:\/\/zahnaerzte-frick.ch\/wp-content\/uploads\/2023\/11\/Sandra_Graber-768x512.jpg 768w\" sizes=\"(max-width: 960px) 100vw, 960px\" \/>\t\t\t\t\t\t\t\t\t\t\t\t\t\t\t<\/div>\n\t\t\t\t<\/div>\n\t\t\t\t<div class=\"elementor-element elementor-element-ae3e112 elementor-hidden-desktop elementor-hidden-tablet elementor-hidden-mobile elementor-widget elementor-widget-text-editor\" data-id=\"ae3e112\" data-element_type=\"widget\" data-widget_type=\"text-editor.default\">\n\t\t\t\t<div class=\"elementor-widget-container\">\n\t\t\t\t\t\t\t<p>Dr. med. dent.<\/p>\t\t\t\t\t\t<\/div>\n\t\t\t\t<\/div>\n\t\t\t\t<div class=\"elementor-element elementor-element-4383561 team-name elementor-widget elementor-widget-text-editor\" data-id=\"4383561\" data-element_type=\"widget\" data-widget_type=\"text-editor.default\">\n\t\t\t\t<div class=\"elementor-widget-container\">\n\t\t\t\t\t\t\t<h5>Sandra Graber<\/h5>\t\t\t\t\t\t<\/div>\n\t\t\t\t<\/div>\n\t\t\t\t<div class=\"elementor-element elementor-element-7a83cd2 team-education elementor-widget elementor-widget-text-editor\" data-id=\"7a83cd2\" data-element_type=\"widget\" data-widget_type=\"text-editor.default\">\n\t\t\t\t<div class=\"elementor-widget-container\">\n\t\t\t\t\t\t\t<p>Administration<\/p>\t\t\t\t\t\t<\/div>\n\t\t\t\t<\/div>\n\t\t\t\t<\/div>\n\t\t<div class=\"elementor-element elementor-element-1192997 e-con-full e-flex e-con e-child\" data-id=\"1192997\" data-element_type=\"container\" data-settings=\"{&quot;content_width&quot;:&quot;full&quot;,&quot;container_type&quot;:&quot;flex&quot;}\">\n\t\t\t\t<div class=\"elementor-element elementor-element-1930293 elementor-widget elementor-widget-image\" data-id=\"1930293\" data-element_type=\"widget\" data-widget_type=\"image.default\">\n\t\t\t\t<div class=\"elementor-widget-container\">\n\t\t\t\t\t\t\t\t\t\t\t\t\t\t\t<img loading=\"lazy\" decoding=\"async\" width=\"960\" height=\"640\" src=\"https:\/\/zahnaerzte-frick.ch\/wp-content\/uploads\/2023\/11\/Luana_Sollberger.jpg\" class=\"attachment-full size-full wp-image-1062\" alt=\"\" srcset=\"https:\/\/zahnaerzte-frick.ch\/wp-content\/uploads\/2023\/11\/Luana_Sollberger.jpg 960w, https:\/\/zahnaerzte-frick.ch\/wp-content\/uploads\/2023\/11\/Luana_Sollberger-300x200.jpg 300w, https:\/\/zahnaerzte-frick.ch\/wp-content\/uploads\/2023\/11\/Luana_Sollberger-768x512.jpg 768w\" sizes=\"(max-width: 960px) 100vw, 960px\" \/>\t\t\t\t\t\t\t\t\t\t\t\t\t\t\t<\/div>\n\t\t\t\t<\/div>\n\t\t\t\t<div class=\"elementor-element elementor-element-747604f elementor-hidden-desktop elementor-hidden-tablet elementor-hidden-mobile elementor-widget elementor-widget-text-editor\" data-id=\"747604f\" data-element_type=\"widget\" data-widget_type=\"text-editor.default\">\n\t\t\t\t<div class=\"elementor-widget-container\">\n\t\t\t\t\t\t\t<p>Dr. med. dent.<\/p>\t\t\t\t\t\t<\/div>\n\t\t\t\t<\/div>\n\t\t\t\t<div class=\"elementor-element elementor-element-49e2544 team-name elementor-widget elementor-widget-text-editor\" data-id=\"49e2544\" data-element_type=\"widget\" data-widget_type=\"text-editor.default\">\n\t\t\t\t<div class=\"elementor-widget-container\">\n\t\t\t\t\t\t\t<h5>Luana Sollberger<\/h5>\t\t\t\t\t\t<\/div>\n\t\t\t\t<\/div>\n\t\t\t\t<div class=\"elementor-element elementor-element-b324211 team-education elementor-widget elementor-widget-text-editor\" data-id=\"b324211\" data-element_type=\"widget\" data-widget_type=\"text-editor.default\">\n\t\t\t\t<div class=\"elementor-widget-container\">\n\t\t\t\t\t\t\t<p>Lernende Dentalassistentin<\/p>\t\t\t\t\t\t<\/div>\n\t\t\t\t<\/div>\n\t\t\t\t<\/div>\n\t\t<div class=\"elementor-element elementor-element-54e0a6b e-con-full e-flex e-con e-child\" data-id=\"54e0a6b\" data-element_type=\"container\" data-settings=\"{&quot;content_width&quot;:&quot;full&quot;,&quot;container_type&quot;:&quot;flex&quot;}\">\n\t\t\t\t<div class=\"elementor-element elementor-element-c637925 elementor-widget elementor-widget-image\" data-id=\"c637925\" data-element_type=\"widget\" data-widget_type=\"image.default\">\n\t\t\t\t<div class=\"elementor-widget-container\">\n\t\t\t\t\t\t\t\t\t\t\t\t\t\t\t<img loading=\"lazy\" decoding=\"async\" width=\"500\" height=\"333\" src=\"https:\/\/zahnaerzte-frick.ch\/wp-content\/uploads\/2023\/11\/Volgare_Fabiano-p-500.jpg\" class=\"attachment-full size-full wp-image-1061\" alt=\"\" srcset=\"https:\/\/zahnaerzte-frick.ch\/wp-content\/uploads\/2023\/11\/Volgare_Fabiano-p-500.jpg 500w, https:\/\/zahnaerzte-frick.ch\/wp-content\/uploads\/2023\/11\/Volgare_Fabiano-p-500-300x200.jpg 300w\" sizes=\"(max-width: 500px) 100vw, 500px\" \/>\t\t\t\t\t\t\t\t\t\t\t\t\t\t\t<\/div>\n\t\t\t\t<\/div>\n\t\t\t\t<div class=\"elementor-element elementor-element-24de236 elementor-hidden-desktop elementor-hidden-tablet elementor-hidden-mobile elementor-widget elementor-widget-text-editor\" data-id=\"24de236\" data-element_type=\"widget\" data-widget_type=\"text-editor.default\">\n\t\t\t\t<div class=\"elementor-widget-container\">\n\t\t\t\t\t\t\t<p>Dr. med. dent.<\/p>\t\t\t\t\t\t<\/div>\n\t\t\t\t<\/div>\n\t\t\t\t<div class=\"elementor-element elementor-element-1011a3e team-name elementor-widget elementor-widget-text-editor\" data-id=\"1011a3e\" data-element_type=\"widget\" data-widget_type=\"text-editor.default\">\n\t\t\t\t<div class=\"elementor-widget-container\">\n\t\t\t\t\t\t\t<h5>Fabiano Volgare<\/h5>\t\t\t\t\t\t<\/div>\n\t\t\t\t<\/div>\n\t\t\t\t<div class=\"elementor-element elementor-element-852f296 team-education elementor-widget elementor-widget-text-editor\" data-id=\"852f296\" data-element_type=\"widget\" data-widget_type=\"text-editor.default\">\n\t\t\t\t<div class=\"elementor-widget-container\">\n\t\t\t\t\t\t\t<p>Lernender Dentalassistent<\/p>\t\t\t\t\t\t<\/div>\n\t\t\t\t<\/div>\n\t\t\t\t<\/div>\n\t\t<div class=\"elementor-element elementor-element-896e7e0 e-con-full e-flex e-con e-child\" data-id=\"896e7e0\" data-element_type=\"container\" data-settings=\"{&quot;content_width&quot;:&quot;full&quot;,&quot;container_type&quot;:&quot;flex&quot;}\">\n\t\t\t\t<div class=\"elementor-element elementor-element-b99a9c7 elementor-widget elementor-widget-image\" data-id=\"b99a9c7\" data-element_type=\"widget\" data-widget_type=\"image.default\">\n\t\t\t\t<div class=\"elementor-widget-container\">\n\t\t\t\t\t\t\t\t\t\t\t\t\t\t\t<img loading=\"lazy\" decoding=\"async\" width=\"960\" height=\"640\" src=\"https:\/\/zahnaerzte-frick.ch\/wp-content\/uploads\/2023\/11\/Mediha_Draganovic-1.jpg\" class=\"attachment-full size-full wp-image-1081\" alt=\"\" srcset=\"https:\/\/zahnaerzte-frick.ch\/wp-content\/uploads\/2023\/11\/Mediha_Draganovic-1.jpg 960w, https:\/\/zahnaerzte-frick.ch\/wp-content\/uploads\/2023\/11\/Mediha_Draganovic-1-300x200.jpg 300w, https:\/\/zahnaerzte-frick.ch\/wp-content\/uploads\/2023\/11\/Mediha_Draganovic-1-768x512.jpg 768w\" sizes=\"(max-width: 960px) 100vw, 960px\" \/>\t\t\t\t\t\t\t\t\t\t\t\t\t\t\t<\/div>\n\t\t\t\t<\/div>\n\t\t\t\t<div class=\"elementor-element elementor-element-c75491e elementor-hidden-desktop elementor-hidden-tablet elementor-hidden-mobile elementor-widget elementor-widget-text-editor\" data-id=\"c75491e\" data-element_type=\"widget\" data-widget_type=\"text-editor.default\">\n\t\t\t\t<div class=\"elementor-widget-container\">\n\t\t\t\t\t\t\t<p>Dr. med. dent.<\/p>\t\t\t\t\t\t<\/div>\n\t\t\t\t<\/div>\n\t\t\t\t<div class=\"elementor-element elementor-element-0283a0f team-name elementor-widget elementor-widget-text-editor\" data-id=\"0283a0f\" data-element_type=\"widget\" data-widget_type=\"text-editor.default\">\n\t\t\t\t<div class=\"elementor-widget-container\">\n\t\t\t\t\t\t\t<h5>Mediha Draganovic<\/h5>\t\t\t\t\t\t<\/div>\n\t\t\t\t<\/div>\n\t\t\t\t<div class=\"elementor-element elementor-element-567da12 team-education elementor-widget elementor-widget-text-editor\" data-id=\"567da12\" data-element_type=\"widget\" data-widget_type=\"text-editor.default\">\n\t\t\t\t<div class=\"elementor-widget-container\">\n\t\t\t\t\t\t\t<p>Praxishygiene<\/p>\t\t\t\t\t\t<\/div>\n\t\t\t\t<\/div>\n\t\t\t\t<\/div>\n\t\t\t\t<\/div>\n\t\t\t\t<\/div>\n\t\t\t\t\t\t\t<\/div>\n\t\t","protected":false},"excerpt":{"rendered":"<p>Unser Team Das Team f\u00fcr Ihr strahlendes und bezauberndes L\u00e4cheln Prof. Dr. med. dent. Kurt J\u00e4ger MBA Dr. med. dent. MSc Christoph V\u00f6gtlin Praxisleitung Dr. med. dent. Chiara V\u00f6gtlin Eidg. dipl. Zahn\u00e4rztin SSO, Kinderzahn\u00e4rztin Prof. Dr. med. Dr. med. dent. Claude Jaqui\u00e9ry Stv. Chefarzt Mund-, Kiefer- und Gesichtschirurgie Dr. med. dent. Julia Nikolaychuk Eidg. dipl. [&hellip;]<\/p>\n","protected":false},"author":2,"featured_media":0,"parent":0,"menu_order":0,"comment_status":"closed","ping_status":"closed","template":"elementor_header_footer","meta":{"footnotes":""},"class_list":["post-350","page","type-page","status-publish","hentry"],"_links":{"self":[{"href":"https:\/\/zahnaerzte-frick.ch\/index.php?rest_route=\/wp\/v2\/pages\/350","targetHints":{"allow":["GET"]}}],"collection":[{"href":"https:\/\/zahnaerzte-frick.ch\/index.php?rest_route=\/wp\/v2\/pages"}],"about":[{"href":"https:\/\/zahnaerzte-frick.ch\/index.php?rest_route=\/wp\/v2\/types\/page"}],"author":[{"embeddable":true,"href":"https:\/\/zahnaerzte-frick.ch\/index.php?rest_route=\/wp\/v2\/users\/2"}],"replies":[{"embeddable":true,"href":"https:\/\/zahnaerzte-frick.ch\/index.php?rest_route=%2Fwp%2Fv2%2Fcomments&post=350"}],"version-history":[{"count":40,"href":"https:\/\/zahnaerzte-frick.ch\/index.php?rest_route=\/wp\/v2\/pages\/350\/revisions"}],"predecessor-version":[{"id":1087,"href":"https:\/\/zahnaerzte-frick.ch\/index.php?rest_route=\/wp\/v2\/pages\/350\/revisions\/1087"}],"wp:attachment":[{"href":"https:\/\/zahnaerzte-frick.ch\/index.php?rest_route=%2Fwp%2Fv2%2Fmedia&parent=350"}],"curies":[{"name":"wp","href":"https:\/\/api.w.org\/{rel}","templated":true}]}}