{"id":515,"date":"2023-11-29T07:36:42","date_gmt":"2023-11-29T07:36:42","guid":{"rendered":"https:\/\/zahnaerzte-frick.ch\/?page_id=515"},"modified":"2023-11-30T18:20:51","modified_gmt":"2023-11-30T18:20:51","slug":"aesthetische-zahnmedizin","status":"publish","type":"page","link":"https:\/\/zahnaerzte-frick.ch\/?page_id=515","title":{"rendered":"\u00c4sthetische Zahnmedizin"},"content":{"rendered":"\t\t<div data-elementor-type=\"wp-page\" data-elementor-id=\"515\" class=\"elementor elementor-515\" data-elementor-post-type=\"page\">\n\t\t\t\t\t\t\t<div class=\"elementor-element elementor-element-5e6f64c e-grid e-con-full e-con e-parent\" data-id=\"5e6f64c\" data-element_type=\"container\" data-settings=\"{&quot;container_type&quot;:&quot;grid&quot;,&quot;grid_columns_grid&quot;:{&quot;unit&quot;:&quot;fr&quot;,&quot;size&quot;:2,&quot;sizes&quot;:[]},&quot;grid_rows_grid&quot;:{&quot;unit&quot;:&quot;fr&quot;,&quot;size&quot;:&quot;1&quot;,&quot;sizes&quot;:[]},&quot;grid_rows_grid_mobile&quot;:{&quot;unit&quot;:&quot;fr&quot;,&quot;size&quot;:&quot;1&quot;,&quot;sizes&quot;:[]},&quot;content_width&quot;:&quot;full&quot;,&quot;grid_auto_flow&quot;:&quot;column&quot;,&quot;background_background&quot;:&quot;gradient&quot;,&quot;grid_columns_grid_tablet&quot;:{&quot;unit&quot;:&quot;fr&quot;,&quot;size&quot;:1,&quot;sizes&quot;:[]},&quot;grid_rows_grid_tablet&quot;:{&quot;unit&quot;:&quot;fr&quot;,&quot;size&quot;:1,&quot;sizes&quot;:[]},&quot;grid_outline&quot;:&quot;yes&quot;,&quot;grid_columns_grid_mobile&quot;:{&quot;unit&quot;:&quot;fr&quot;,&quot;size&quot;:1,&quot;sizes&quot;:[]},&quot;grid_auto_flow_tablet&quot;:&quot;row&quot;,&quot;grid_auto_flow_mobile&quot;:&quot;row&quot;}\" data-core-v316-plus=\"true\">\n\t\t<div class=\"elementor-element elementor-element-463a42f e-con-full e-flex e-con e-child\" data-id=\"463a42f\" data-element_type=\"container\" data-settings=\"{&quot;content_width&quot;:&quot;full&quot;,&quot;container_type&quot;:&quot;flex&quot;}\">\n\t\t\t\t<div class=\"elementor-element elementor-element-f0452fd elementor-widget elementor-widget-text-editor\" data-id=\"f0452fd\" data-element_type=\"widget\" data-widget_type=\"text-editor.default\">\n\t\t\t\t<div class=\"elementor-widget-container\">\n\t\t\t<style>\/*! elementor - v3.17.0 - 08-11-2023 *\/\n.elementor-widget-text-editor.elementor-drop-cap-view-stacked .elementor-drop-cap{background-color:#69727d;color:#fff}.elementor-widget-text-editor.elementor-drop-cap-view-framed .elementor-drop-cap{color:#69727d;border:3px solid;background-color:transparent}.elementor-widget-text-editor:not(.elementor-drop-cap-view-default) .elementor-drop-cap{margin-top:8px}.elementor-widget-text-editor:not(.elementor-drop-cap-view-default) .elementor-drop-cap-letter{width:1em;height:1em}.elementor-widget-text-editor .elementor-drop-cap{float:left;text-align:center;line-height:1;font-size:50px}.elementor-widget-text-editor .elementor-drop-cap-letter{display:inline-block}<\/style>\t\t\t\t<p>Leistungen<\/p>\t\t\t\t\t\t<\/div>\n\t\t\t\t<\/div>\n\t\t\t\t<div class=\"elementor-element elementor-element-ad41a83 elementor-widget elementor-widget-heading\" data-id=\"ad41a83\" data-element_type=\"widget\" data-widget_type=\"heading.default\">\n\t\t\t\t<div class=\"elementor-widget-container\">\n\t\t\t<style>\/*! elementor - v3.17.0 - 08-11-2023 *\/\n.elementor-heading-title{padding:0;margin:0;line-height:1}.elementor-widget-heading .elementor-heading-title[class*=elementor-size-]>a{color:inherit;font-size:inherit;line-height:inherit}.elementor-widget-heading .elementor-heading-title.elementor-size-small{font-size:15px}.elementor-widget-heading .elementor-heading-title.elementor-size-medium{font-size:19px}.elementor-widget-heading .elementor-heading-title.elementor-size-large{font-size:29px}.elementor-widget-heading .elementor-heading-title.elementor-size-xl{font-size:39px}.elementor-widget-heading .elementor-heading-title.elementor-size-xxl{font-size:59px}<\/style><h2 class=\"elementor-heading-title elementor-size-default\">\u00c4sthetische Zahnmedizin<\/h2>\t\t<\/div>\n\t\t\t\t<\/div>\n\t\t\t\t<\/div>\n\t\t<div class=\"elementor-element elementor-element-7048145 e-con-full e-flex e-con e-child\" data-id=\"7048145\" data-element_type=\"container\" data-settings=\"{&quot;content_width&quot;:&quot;full&quot;,&quot;container_type&quot;:&quot;flex&quot;}\">\n\t\t\t\t<div class=\"elementor-element elementor-element-e0bcce7 elementor-widget elementor-widget-text-editor\" data-id=\"e0bcce7\" data-element_type=\"widget\" data-widget_type=\"text-editor.default\">\n\t\t\t\t<div class=\"elementor-widget-container\">\n\t\t\t\t\t\t\t<p>Ihr L\u00e4cheln, unsere Leidenschaft: \u00c4sthetische Zahnmedizin bei Argodentis in Aarburg<\/p>\t\t\t\t\t\t<\/div>\n\t\t\t\t<\/div>\n\t\t\t\t<\/div>\n\t\t\t\t<\/div>\n\t\t<div class=\"elementor-element elementor-element-84e3bc5 e-con-full e-flex e-con e-parent\" data-id=\"84e3bc5\" data-element_type=\"container\" data-settings=\"{&quot;content_width&quot;:&quot;full&quot;,&quot;background_background&quot;:&quot;classic&quot;,&quot;container_type&quot;:&quot;flex&quot;}\" data-core-v316-plus=\"true\">\n\t\t\t\t<\/div>\n\t\t<div class=\"elementor-element elementor-element-8b9b50a e-con-full e-flex e-con e-parent\" data-id=\"8b9b50a\" data-element_type=\"container\" data-settings=\"{&quot;content_width&quot;:&quot;full&quot;,&quot;container_type&quot;:&quot;flex&quot;}\" data-core-v316-plus=\"true\">\n\t\t\t\t<div class=\"elementor-element elementor-element-eade618 text-gradient elementor-widget elementor-widget-heading\" data-id=\"eade618\" data-element_type=\"widget\" data-widget_type=\"heading.default\">\n\t\t\t\t<div class=\"elementor-widget-container\">\n\t\t\t<h2 class=\"elementor-heading-title elementor-size-default\">Die Macht eines bezaubernden L\u00e4chelns<\/h2>\t\t<\/div>\n\t\t\t\t<\/div>\n\t\t<div class=\"elementor-element elementor-element-d82c837 e-grid e-con-full e-con e-child\" data-id=\"d82c837\" data-element_type=\"container\" data-settings=\"{&quot;container_type&quot;:&quot;grid&quot;,&quot;content_width&quot;:&quot;full&quot;,&quot;grid_rows_grid&quot;:{&quot;unit&quot;:&quot;fr&quot;,&quot;size&quot;:1,&quot;sizes&quot;:[]},&quot;grid_outline&quot;:&quot;yes&quot;,&quot;grid_columns_grid&quot;:{&quot;unit&quot;:&quot;fr&quot;,&quot;size&quot;:3,&quot;sizes&quot;:[]},&quot;grid_columns_grid_tablet&quot;:{&quot;unit&quot;:&quot;fr&quot;,&quot;size&quot;:&quot;&quot;,&quot;sizes&quot;:[]},&quot;grid_columns_grid_mobile&quot;:{&quot;unit&quot;:&quot;fr&quot;,&quot;size&quot;:1,&quot;sizes&quot;:[]},&quot;grid_rows_grid_tablet&quot;:{&quot;unit&quot;:&quot;fr&quot;,&quot;size&quot;:&quot;&quot;,&quot;sizes&quot;:[]},&quot;grid_rows_grid_mobile&quot;:{&quot;unit&quot;:&quot;fr&quot;,&quot;size&quot;:&quot;&quot;,&quot;sizes&quot;:[]},&quot;grid_auto_flow&quot;:&quot;row&quot;,&quot;grid_auto_flow_tablet&quot;:&quot;row&quot;,&quot;grid_auto_flow_mobile&quot;:&quot;row&quot;}\">\n\t\t\t\t<div class=\"elementor-element elementor-element-64f572a elementor-widget elementor-widget-image\" data-id=\"64f572a\" data-element_type=\"widget\" data-widget_type=\"image.default\">\n\t\t\t\t<div class=\"elementor-widget-container\">\n\t\t\t<style>\/*! elementor - v3.17.0 - 08-11-2023 *\/\n.elementor-widget-image{text-align:center}.elementor-widget-image a{display:inline-block}.elementor-widget-image a img[src$=\".svg\"]{width:48px}.elementor-widget-image img{vertical-align:middle;display:inline-block}<\/style>\t\t\t\t\t\t\t\t\t\t\t\t<img fetchpriority=\"high\" decoding=\"async\" width=\"1920\" height=\"1080\" src=\"https:\/\/zahnaerzte-frick.ch\/wp-content\/uploads\/2023\/11\/Design-ohne-Titel-13.png\" class=\"attachment-full size-full wp-image-1047\" alt=\"\" srcset=\"https:\/\/zahnaerzte-frick.ch\/wp-content\/uploads\/2023\/11\/Design-ohne-Titel-13.png 1920w, https:\/\/zahnaerzte-frick.ch\/wp-content\/uploads\/2023\/11\/Design-ohne-Titel-13-300x169.png 300w, https:\/\/zahnaerzte-frick.ch\/wp-content\/uploads\/2023\/11\/Design-ohne-Titel-13-1024x576.png 1024w, https:\/\/zahnaerzte-frick.ch\/wp-content\/uploads\/2023\/11\/Design-ohne-Titel-13-768x432.png 768w, https:\/\/zahnaerzte-frick.ch\/wp-content\/uploads\/2023\/11\/Design-ohne-Titel-13-1536x864.png 1536w\" sizes=\"(max-width: 1920px) 100vw, 1920px\" \/>\t\t\t\t\t\t\t\t\t\t\t\t\t\t\t<\/div>\n\t\t\t\t<\/div>\n\t\t\t\t<div class=\"elementor-element elementor-element-c8f060e elementor-widget elementor-widget-image\" data-id=\"c8f060e\" data-element_type=\"widget\" data-widget_type=\"image.default\">\n\t\t\t\t<div class=\"elementor-widget-container\">\n\t\t\t\t\t\t\t\t\t\t\t\t\t\t\t<img decoding=\"async\" width=\"1920\" height=\"1080\" src=\"https:\/\/zahnaerzte-frick.ch\/wp-content\/uploads\/2023\/11\/Design-ohne-Titel-14.png\" class=\"attachment-full size-full wp-image-1048\" alt=\"\" srcset=\"https:\/\/zahnaerzte-frick.ch\/wp-content\/uploads\/2023\/11\/Design-ohne-Titel-14.png 1920w, https:\/\/zahnaerzte-frick.ch\/wp-content\/uploads\/2023\/11\/Design-ohne-Titel-14-300x169.png 300w, https:\/\/zahnaerzte-frick.ch\/wp-content\/uploads\/2023\/11\/Design-ohne-Titel-14-1024x576.png 1024w, https:\/\/zahnaerzte-frick.ch\/wp-content\/uploads\/2023\/11\/Design-ohne-Titel-14-768x432.png 768w, https:\/\/zahnaerzte-frick.ch\/wp-content\/uploads\/2023\/11\/Design-ohne-Titel-14-1536x864.png 1536w\" sizes=\"(max-width: 1920px) 100vw, 1920px\" \/>\t\t\t\t\t\t\t\t\t\t\t\t\t\t\t<\/div>\n\t\t\t\t<\/div>\n\t\t\t\t<div class=\"elementor-element elementor-element-2e73d30 elementor-widget elementor-widget-image\" data-id=\"2e73d30\" data-element_type=\"widget\" data-widget_type=\"image.default\">\n\t\t\t\t<div class=\"elementor-widget-container\">\n\t\t\t\t\t\t\t\t\t\t\t\t\t\t\t<img decoding=\"async\" width=\"1920\" height=\"1080\" src=\"https:\/\/zahnaerzte-frick.ch\/wp-content\/uploads\/2023\/11\/Design-ohne-Titel-15.png\" class=\"attachment-full size-full wp-image-1049\" alt=\"\" srcset=\"https:\/\/zahnaerzte-frick.ch\/wp-content\/uploads\/2023\/11\/Design-ohne-Titel-15.png 1920w, https:\/\/zahnaerzte-frick.ch\/wp-content\/uploads\/2023\/11\/Design-ohne-Titel-15-300x169.png 300w, https:\/\/zahnaerzte-frick.ch\/wp-content\/uploads\/2023\/11\/Design-ohne-Titel-15-1024x576.png 1024w, https:\/\/zahnaerzte-frick.ch\/wp-content\/uploads\/2023\/11\/Design-ohne-Titel-15-768x432.png 768w, https:\/\/zahnaerzte-frick.ch\/wp-content\/uploads\/2023\/11\/Design-ohne-Titel-15-1536x864.png 1536w\" sizes=\"(max-width: 1920px) 100vw, 1920px\" \/>\t\t\t\t\t\t\t\t\t\t\t\t\t\t\t<\/div>\n\t\t\t\t<\/div>\n\t\t\t\t<\/div>\n\t\t\t\t<div class=\"elementor-element elementor-element-444b8b4 elementor-widget elementor-widget-text-editor\" data-id=\"444b8b4\" data-element_type=\"widget\" data-widget_type=\"text-editor.default\">\n\t\t\t\t<div class=\"elementor-widget-container\">\n\t\t\t\t\t\t\t<p>Ein bezauberndes L\u00e4cheln ist ein Ausdruck von Selbstvertrauen und Attraktivit\u00e4t. Bei Argodentis in Aarburg verstehen wir, wie wichtig es ist, ein \u00e4sthetisches und gesundes L\u00e4cheln zu haben. Deshalb bieten wir erstklassige \u00e4sthetische Zahnmedizin an, um Ihr L\u00e4cheln zu perfektionieren und Ihre nat\u00fcrliche Sch\u00f6nheit hervorzuheben.<\/p>\t\t\t\t\t\t<\/div>\n\t\t\t\t<\/div>\n\t\t\t\t<div class=\"elementor-element elementor-element-e5c62dc text-gradient elementor-widget elementor-widget-heading\" data-id=\"e5c62dc\" data-element_type=\"widget\" data-widget_type=\"heading.default\">\n\t\t\t\t<div class=\"elementor-widget-container\">\n\t\t\t<h2 class=\"elementor-heading-title elementor-size-default\">Warum \u00c4sthetische Zahnmedizin?<\/h2>\t\t<\/div>\n\t\t\t\t<\/div>\n\t\t\t\t<div class=\"elementor-element elementor-element-9f1fe51 elementor-widget elementor-widget-text-editor\" data-id=\"9f1fe51\" data-element_type=\"widget\" data-widget_type=\"text-editor.default\">\n\t\t\t\t<div class=\"elementor-widget-container\">\n\t\t\t\t\t\t\t<p>Die \u00e4sthetische Zahnmedizin ist ein Fachgebiet der Zahnmedizin, das sich auf die Verbesserung des Erscheinungsbilds Ihrer Z\u00e4hne konzentriert. Egal, ob Sie Verf\u00e4rbungen, ungleiche Z\u00e4hne oder andere \u00e4sthetische Probleme haben, unsere Experten bei Argodentis sind darauf spezialisiert, Ihr L\u00e4cheln zu versch\u00f6nern und Ihr Selbstbewusstsein zu steigern.<\/p>\t\t\t\t\t\t<\/div>\n\t\t\t\t<\/div>\n\t\t\t\t<div class=\"elementor-element elementor-element-f9817c4 text-gradient elementor-widget elementor-widget-heading\" data-id=\"f9817c4\" data-element_type=\"widget\" data-widget_type=\"heading.default\">\n\t\t\t\t<div class=\"elementor-widget-container\">\n\t\t\t<h2 class=\"elementor-heading-title elementor-size-default\">Unsere Leistungen in der \u00c4sthetischen Zahnmedizin bei Argodentis<\/h2>\t\t<\/div>\n\t\t\t\t<\/div>\n\t\t\t\t<div class=\"elementor-element elementor-element-34ba8af elementor-widget elementor-widget-text-editor\" data-id=\"34ba8af\" data-element_type=\"widget\" data-widget_type=\"text-editor.default\">\n\t\t\t\t<div class=\"elementor-widget-container\">\n\t\t\t\t\t\t\t<p>Wir bieten eine umfassende Palette von \u00e4sthetischen Zahnmedizin-Verfahren an, um Ihren individuellen Bed\u00fcrfnissen gerecht zu werden. Dazu geh\u00f6ren:<\/p><ol><li><p><strong>Bleaching:<\/strong> Unsere professionelle Zahnaufhellung entfernt Verf\u00e4rbungen und l\u00e4sst Ihre Z\u00e4hne strahlend weiss erscheinen.<\/p><\/li><li><p><strong>Veneers:<\/strong> Mit Veneers k\u00f6nnen wir ungleiche, abgebrochene oder verf\u00e4rbte Z\u00e4hne korrigieren und ein perfektes L\u00e4cheln schaffen.<\/p><\/li><li><p><strong>Zahnfarbene F\u00fcllungen:<\/strong> Wir verwenden moderne, zahnfarbene F\u00fcllungen, um Karies zu behandeln und Ihre Z\u00e4hne \u00e4sthetisch ansprechend zu erhalten.<\/p><\/li><\/ol>\t\t\t\t\t\t<\/div>\n\t\t\t\t<\/div>\n\t\t\t\t<div class=\"elementor-element elementor-element-f62c7c4 text-gradient elementor-widget elementor-widget-heading\" data-id=\"f62c7c4\" data-element_type=\"widget\" data-widget_type=\"heading.default\">\n\t\t\t\t<div class=\"elementor-widget-container\">\n\t\t\t<h2 class=\"elementor-heading-title elementor-size-default\">Warum Argodentis w\u00e4hlen?\n<\/h2>\t\t<\/div>\n\t\t\t\t<\/div>\n\t\t\t\t<div class=\"elementor-element elementor-element-9860357 elementor-widget elementor-widget-text-editor\" data-id=\"9860357\" data-element_type=\"widget\" data-widget_type=\"text-editor.default\">\n\t\t\t\t<div class=\"elementor-widget-container\">\n\t\t\t\t\t\t\t<p>Argodentis in Aarburg ist stolz darauf, unseren Patienten nicht nur hochwertige \u00e4sthetische Zahnmedizin anzubieten, sondern auch eine warme und einladende Umgebung, in der Sie sich wohl f\u00fchlen. Unser Team von \u00e4sthetischen Zahnmedizinern arbeitet eng mit Ihnen zusammen, um sicherzustellen, dass Ihre Behandlung Ihren individuellen \u00e4sthetischen Zielen entspricht.<\/p><p>Ihre nat\u00fcrliche Sch\u00f6nheit liegt uns am Herzen, und wir freuen uns darauf, mit Ihnen zusammenzuarbeiten, um Ihr L\u00e4cheln zu verwandeln und Ihr Selbstbewusstsein zu steigern. Wenn Sie nach \u00e4sthetischen Zahnmedizinern in Aarburg suchen, die Ihre Sch\u00f6nheit betonen k\u00f6nnen, dann kontaktieren Sie Argodentis noch heute, um einen Termin zu vereinbaren.<\/p>\t\t\t\t\t\t<\/div>\n\t\t\t\t<\/div>\n\t\t\t\t<\/div>\n\t\t<div class=\"elementor-element elementor-element-b718d38 e-flex e-con-boxed e-con e-parent\" data-id=\"b718d38\" data-element_type=\"container\" data-settings=\"{&quot;container_type&quot;:&quot;flex&quot;,&quot;content_width&quot;:&quot;boxed&quot;}\" data-core-v316-plus=\"true\">\n\t\t\t\t\t<div class=\"e-con-inner\">\n\t\t\t\t<div class=\"elementor-element elementor-element-87019e5 elementor-align-center text-blue-gradient elementor-widget elementor-widget-button\" data-id=\"87019e5\" data-element_type=\"widget\" data-widget_type=\"button.default\">\n\t\t\t\t<div class=\"elementor-widget-container\">\n\t\t\t\t\t<div class=\"elementor-button-wrapper\">\n\t\t\t<a class=\"elementor-button elementor-button-link elementor-size-md elementor-animation-sink\" href=\"#\">\n\t\t\t\t\t\t<span class=\"elementor-button-content-wrapper\">\n\t\t\t\t\t\t<span class=\"elementor-button-text\">Termin vereinbaren<\/span>\n\t\t<\/span>\n\t\t\t\t\t<\/a>\n\t\t<\/div>\n\t\t\t\t<\/div>\n\t\t\t\t<\/div>\n\t\t\t\t\t<\/div>\n\t\t\t\t<\/div>\n\t\t\t\t\t\t\t<\/div>\n\t\t","protected":false},"excerpt":{"rendered":"<p>Leistungen \u00c4sthetische Zahnmedizin Ihr L\u00e4cheln, unsere Leidenschaft: \u00c4sthetische Zahnmedizin bei Argodentis in Aarburg Die Macht eines bezaubernden L\u00e4chelns Ein bezauberndes L\u00e4cheln ist ein Ausdruck von Selbstvertrauen und Attraktivit\u00e4t. Bei Argodentis in Aarburg verstehen wir, wie wichtig es ist, ein \u00e4sthetisches und gesundes L\u00e4cheln zu haben. Deshalb bieten wir erstklassige \u00e4sthetische Zahnmedizin an, um Ihr L\u00e4cheln [&hellip;]<\/p>\n","protected":false},"author":2,"featured_media":0,"parent":0,"menu_order":0,"comment_status":"closed","ping_status":"closed","template":"elementor_header_footer","meta":{"footnotes":""},"class_list":["post-515","page","type-page","status-publish","hentry"],"_links":{"self":[{"href":"https:\/\/zahnaerzte-frick.ch\/index.php?rest_route=\/wp\/v2\/pages\/515","targetHints":{"allow":["GET"]}}],"collection":[{"href":"https:\/\/zahnaerzte-frick.ch\/index.php?rest_route=\/wp\/v2\/pages"}],"about":[{"href":"https:\/\/zahnaerzte-frick.ch\/index.php?rest_route=\/wp\/v2\/types\/page"}],"author":[{"embeddable":true,"href":"https:\/\/zahnaerzte-frick.ch\/index.php?rest_route=\/wp\/v2\/users\/2"}],"replies":[{"embeddable":true,"href":"https:\/\/zahnaerzte-frick.ch\/index.php?rest_route=%2Fwp%2Fv2%2Fcomments&post=515"}],"version-history":[{"count":32,"href":"https:\/\/zahnaerzte-frick.ch\/index.php?rest_route=\/wp\/v2\/pages\/515\/revisions"}],"predecessor-version":[{"id":1052,"href":"https:\/\/zahnaerzte-frick.ch\/index.php?rest_route=\/wp\/v2\/pages\/515\/revisions\/1052"}],"wp:attachment":[{"href":"https:\/\/zahnaerzte-frick.ch\/index.php?rest_route=%2Fwp%2Fv2%2Fmedia&parent=515"}],"curies":[{"name":"wp","href":"https:\/\/api.w.org\/{rel}","templated":true}]}}